{"id":4099,"date":"2023-10-31T11:17:38","date_gmt":"2023-10-31T11:17:38","guid":{"rendered":"https:\/\/plazatorosalicante.com\/horarios-tour\/"},"modified":"2026-03-23T12:16:17","modified_gmt":"2026-03-23T12:16:17","slug":"horaires","status":"publish","type":"page","link":"https:\/\/plazatorosalicante.com\/fr\/horaires\/","title":{"rendered":"Horaires des tourn\u00e9es"},"content":{"rendered":"<section class=\"l-section wpb_row us_custom_eef79b84 height_medium with_shape\"><div class=\"l-section-shape type_custom pos_bottom hor_flip\" style=\"height:40%;\"><svg xmlns=\"http:\/\/www.w3.org\/2000\/svg\" viewBox=\"0 0 64 8\" preserveAspectRatio=\"none\" width=\"100%\" height=\"100%\">\r\n\t<path fill=\"currentColor\" d=\"M64 8 L0 8 L0 0 L64 0 Z\"\/>\r\n<\/svg><\/div><div class=\"l-section-h i-cf\"><div class=\"g-cols vc_row via_grid cols_1 laptops-cols_inherit tablets-cols_inherit mobiles-cols_1 valign_top type_default stacking_default\"><div class=\"wpb_column vc_column_container\"><div class=\"vc_column-inner\"><h1 class=\"w-text us_custom_eb849559\"><span class=\"w-text-h\"><span class=\"w-text-value\">Horaires de visite<\/span><\/span><\/h1><div class=\"w-separator size_medium\"><\/div><div class=\"g-cols wpb_row us_custom_d3ffd6e9 via_grid cols_2-1 laptops-cols_3-2 tablets-cols_1 mobiles-cols_1 valign_middle type_default stacking_default\" style=\"--columns-gap:0rem;\"><div class=\"wpb_column vc_column_container us_custom_c25dae36\"><div class=\"vc_column-inner\"><h3 class=\"w-text\"><span class=\"w-text-h\"><span class=\"w-text-value\">Journ\u00e9es de visite<\/span><\/span><\/h3><div class=\"wpb_text_column\"><div class=\"wpb_wrapper\"><p><strong>Ouvert du lundi au samedi de 10:00h \u00e0 16:00h (derni\u00e8re entr\u00e9e \u00e0 15:00h)<br \/>\nDimanche (sur demande)<\/strong> <a class=\"w-text-h\" href=\"mailto:info@plazatorosalicante.com\" target=\"_blank\" rel=\"noopener\"><span class=\"w-text-value\">info@plazatorosalicante.com<\/span><\/a> \/<span class=\"w-text-value\"> <\/span><a class=\"w-text-h\" href=\"tel:+34%20652%20530%20788\"><span class=\"w-text-value\">+34 652 530 788<\/span><\/a><\/p>\n<\/div><\/div><div class=\"w-separator us_custom_da7ceeb3 size_small has_font_size with_line width_default thick_1 style_solid color_border align_none with_text with_content\"><div class=\"w-separator-h\"><h6 class=\"w-separator-text\"><span>Jours de fermeture<\/span><\/h6><\/div><\/div><div class=\"w-vwrapper align_none valign_top\"><div class=\"w-text us_custom_4b9a8084\"><span class=\"w-text-h\"><span class=\"w-text-value\">24 mai<\/span><\/span><\/div><div class=\"w-text us_custom_4b9a8084\"><span class=\"w-text-h\"><span class=\"w-text-value\">Du 20 au 29 juin, les visites resteront ferm\u00e9es.<\/span><\/span><\/div><div class=\"w-text us_custom_4b9a8084\"><span class=\"w-text-h\"><span class=\"w-text-value\">25 d\u00e9cembre<\/span><\/span><\/div><div class=\"w-text\"><span class=\"w-text-h\"><span class=\"w-text-value\">1er janvier<\/span><\/span><\/div><\/div><\/div><\/div><div class=\"wpb_column vc_column_container us_custom_16085f45 has_bg_color\"><div class=\"vc_column-inner\"><div class=\"w-text us_custom_eb849559\"><span class=\"w-text-h\"><span class=\"w-text-value\">Visitez la place<\/span><\/span><\/div><div class=\"w-text us_custom_494b480a has_text_color\"><span class=\"w-text-h\"><span class=\"w-text-value\">A partir de 13\u20ac<\/span><\/span><\/div><div class=\"w-btn-wrapper align_justify\"><a class=\"w-btn us-btn-style_1\" target=\"_blank\" href=\"https:\/\/tickets.plazatorosalicante.com\/\"><span class=\"w-btn-label\">Acheter un billet<\/span><\/a><\/div><div class=\"w-separator size_custom\" style=\"height:1rem\"><\/div><\/div><\/div><\/div><\/div><\/div><\/div><\/div><\/section><section class=\"l-section wpb_row height_medium\"><div class=\"l-section-h i-cf\"><div class=\"g-cols vc_row via_grid cols_1 laptops-cols_inherit tablets-cols_inherit mobiles-cols_1 valign_top type_default stacking_default\"><div class=\"wpb_column vc_column_container\"><div class=\"vc_column-inner\"><div class=\"wpb_text_column\"><div class=\"wpb_wrapper\"><h3>Notes:<\/h3>\n<ul>\n<li>Pour des raisons d&rsquo;organisation, le Tour pourra modifier son itin\u00e9raire et ses horaires, en informant le visiteur avant l&rsquo;acc\u00e8s. Tel. info: +34 675 247 690  <\/li>\n<li>La visite d&rsquo;Alicante est accessible aux personnes handicap\u00e9es et aux utilisateurs de fauteuils roulants.<\/li>\n<li>La billetterie est ouverte jusqu&rsquo;\u00e0 1\/2 heure avant la fermeture.<\/li>\n<\/ul>\n<\/div><\/div><\/div><\/div><\/div><\/div><\/section><section class=\"l-section wpb_row height_medium\"><div class=\"l-section-h i-cf\"><div class=\"g-cols vc_row via_grid cols_1 laptops-cols_inherit tablets-cols_inherit mobiles-cols_1 valign_top type_default stacking_default\"><div class=\"wpb_column vc_column_container\"><div class=\"vc_column-inner\"><div class=\"wpb_text_column\"><div class=\"wpb_wrapper\"><h2>Visites que vous pouvez faire<\/h2>\n<\/div><\/div><div class=\"w-separator size_medium\"><\/div><div class=\"g-cols wpb_row via_grid cols_3 laptops-cols_inherit tablets-cols_inherit mobiles-cols_1 valign_top type_default stacking_default\" style=\"--columns-gap:3rem;\"><div class=\"wpb_column vc_column_container\"><div class=\"vc_column-inner\"><div class=\"w-ibanner us_custom_a10ddd82 has_text_color animation_phorcys ratio_3x2 easing_ease\"><a title=\"visite individuelle aux ar\u00e8nes d&#039;alicante\" href=\"https:\/\/plazatorosalicante.com\/fr\/tour\/visites-individuelles\/\" aria-label=\"Visite individuelle\"><\/a><div class=\"w-ibanner-h\"><div class=\"w-ibanner-image\" style=\"background-image: url(https:\/\/plazatorosalicante.com\/wp-content\/uploads\/2023\/12\/audioguia.webp)\"><\/div><div class=\"w-ibanner-content\"><div class=\"w-ibanner-content-h\"><h3 class=\"w-ibanner-title\">Visite individuelle<\/h3><div class=\"w-ibanner-desc\"><\/div><\/div><\/div><\/div><\/div><\/div><\/div><div class=\"wpb_column vc_column_container\"><div class=\"vc_column-inner\"><div class=\"w-ibanner us_custom_a10ddd82 has_text_color animation_phorcys ratio_3x2 easing_ease\"><a title=\"visite priv\u00e9e des ar\u00e8nes d&#039;alicante\" href=\"https:\/\/plazatorosalicante.com\/fr\/tour\/visite-guidee-vip\/\" aria-label=\"Visite priv\u00e9e\"><\/a><div class=\"w-ibanner-h\"><div class=\"w-ibanner-image\" style=\"background-image: url(https:\/\/plazatorosalicante.com\/wp-content\/uploads\/2024\/03\/Guia-privado.webp)\"><\/div><div class=\"w-ibanner-content\"><div class=\"w-ibanner-content-h\"><h3 class=\"w-ibanner-title\">Visite priv\u00e9e<\/h3><div class=\"w-ibanner-desc\"><\/div><\/div><\/div><\/div><\/div><\/div><\/div><div class=\"wpb_column vc_column_container\"><div class=\"vc_column-inner\"><div class=\"w-ibanner us_custom_a10ddd82 has_text_color animation_phorcys ratio_3x2 easing_ease\"><a title=\"visites de groupes aux ar\u00e8nes d&#039;alicante\" href=\"https:\/\/plazatorosalicante.com\/fr\/tour\/visites-de-groupe\/\" aria-label=\"Visite pour les groupes\"><\/a><div class=\"w-ibanner-h\"><div class=\"w-ibanner-image\" style=\"background-image: url(https:\/\/plazatorosalicante.com\/wp-content\/uploads\/2024\/03\/visita-grupal.jpg)\"><\/div><div class=\"w-ibanner-content\"><div class=\"w-ibanner-content-h\"><h3 class=\"w-ibanner-title\">Visite pour les groupes<\/h3><div class=\"w-ibanner-desc\"><\/div><\/div><\/div><\/div><\/div><\/div><\/div><\/div><\/div><\/div><\/div><\/div><\/section>\n","protected":false},"excerpt":{"rendered":"Horaires de visiteJourn\u00e9es de visiteOuvert du lundi au samedi de 10:00h \u00e0 16:00h (derni\u00e8re entr\u00e9e \u00e0 15:00h) Dimanche (sur demande) info@plazatorosalicante.com \/ +34 652 530 788 Jours de fermeture24 maiDu 20 au 29 juin, les visites resteront ferm\u00e9es.25 d\u00e9cembre1er janvierVisitez la placeA partir de 13\u20acAcheter un billetNotes: Pour des raisons d&rsquo;organisation, le Tour pourra modifier...","protected":false},"author":1,"featured_media":0,"parent":0,"menu_order":0,"comment_status":"closed","ping_status":"closed","template":"","meta":{"_acf_changed":false,"footnotes":""},"class_list":["post-4099","page","type-page","status-publish","hentry"],"acf":[],"yoast_head":"<!-- This site is optimized with the Yoast SEO plugin v27.5 - https:\/\/yoast.com\/product\/yoast-seo-wordpress\/ -->\n<title>Horaires de visite Ar\u00e8nes d&#039;Alicante | Visitez la Plaza+Mus\u00e9e<\/title>\n<meta name=\"description\" content=\"Horaires de visite des ar\u00e8nes d&#039;Alicante. Achetez vos billets en ligne et visitez le monument taurin d&#039;Alicante et le mus\u00e9e.\" \/>\n<meta name=\"robots\" content=\"index, follow, max-snippet:-1, max-image-preview:large, max-video-preview:-1\" \/>\n<link rel=\"canonical\" href=\"https:\/\/plazatorosalicante.com\/fr\/horaires\/\" \/>\n<meta property=\"og:locale\" content=\"fr_FR\" \/>\n<meta property=\"og:type\" content=\"article\" \/>\n<meta property=\"og:title\" content=\"Horaires de visite Ar\u00e8nes d&#039;Alicante | Visitez la Plaza+Mus\u00e9e\" \/>\n<meta property=\"og:description\" content=\"Horaires de visite des ar\u00e8nes d&#039;Alicante. Achetez vos billets en ligne et visitez le monument taurin d&#039;Alicante et le mus\u00e9e.\" \/>\n<meta property=\"og:url\" content=\"https:\/\/plazatorosalicante.com\/fr\/horaires\/\" \/>\n<meta property=\"og:site_name\" content=\"Plaza de Toros de Alicante\" \/>\n<meta property=\"article:modified_time\" content=\"2026-03-23T12:16:17+00:00\" \/>\n<meta property=\"og:image\" content=\"https:\/\/plazatorosalicante.com\/wp-content\/uploads\/2025\/03\/VIT_7836-scaled-1.jpg\" \/>\n\t<meta property=\"og:image:width\" content=\"2560\" \/>\n\t<meta property=\"og:image:height\" content=\"1696\" \/>\n\t<meta property=\"og:image:type\" content=\"image\/jpeg\" \/>\n<meta name=\"twitter:card\" content=\"summary_large_image\" \/>\n<meta name=\"twitter:label1\" content=\"Dur\u00e9e de lecture estim\u00e9e\" \/>\n\t<meta name=\"twitter:data1\" content=\"1 minute\" \/>\n<script type=\"application\/ld+json\" class=\"yoast-schema-graph\">{\"@context\":\"https:\\\/\\\/schema.org\",\"@graph\":[{\"@type\":\"WebPage\",\"@id\":\"https:\\\/\\\/plazatorosalicante.com\\\/fr\\\/horaires\\\/\",\"url\":\"https:\\\/\\\/plazatorosalicante.com\\\/fr\\\/horaires\\\/\",\"name\":\"Horaires de visite Ar\u00e8nes d'Alicante | Visitez la Plaza+Mus\u00e9e\",\"isPartOf\":{\"@id\":\"https:\\\/\\\/plazatorosalicante.com\\\/fr\\\/#website\"},\"datePublished\":\"2023-10-31T11:17:38+00:00\",\"dateModified\":\"2026-03-23T12:16:17+00:00\",\"description\":\"Horaires de visite des ar\u00e8nes d'Alicante. Achetez vos billets en ligne et visitez le monument taurin d'Alicante et le mus\u00e9e.\",\"breadcrumb\":{\"@id\":\"https:\\\/\\\/plazatorosalicante.com\\\/fr\\\/horaires\\\/#breadcrumb\"},\"inLanguage\":\"fr-FR\",\"potentialAction\":[{\"@type\":\"ReadAction\",\"target\":[\"https:\\\/\\\/plazatorosalicante.com\\\/fr\\\/horaires\\\/\"]}]},{\"@type\":\"BreadcrumbList\",\"@id\":\"https:\\\/\\\/plazatorosalicante.com\\\/fr\\\/horaires\\\/#breadcrumb\",\"itemListElement\":[{\"@type\":\"ListItem\",\"position\":1,\"name\":\"Portada\",\"item\":\"https:\\\/\\\/plazatorosalicante.com\\\/fr\\\/page-daccueil\\\/\"},{\"@type\":\"ListItem\",\"position\":2,\"name\":\"Horaires des tourn\u00e9es\"}]},{\"@type\":\"WebSite\",\"@id\":\"https:\\\/\\\/plazatorosalicante.com\\\/fr\\\/#website\",\"url\":\"https:\\\/\\\/plazatorosalicante.com\\\/fr\\\/\",\"name\":\"Plaza de Toros de Alicante\",\"description\":\"Plaza de toros Alicante - Visitas Tur\u00edsticas y Culturales en Vivo para Individuales y Grupos\",\"publisher\":{\"@id\":\"https:\\\/\\\/plazatorosalicante.com\\\/fr\\\/#organization\"},\"alternateName\":\"La Plaza Alicante Tour\",\"potentialAction\":[{\"@type\":\"SearchAction\",\"target\":{\"@type\":\"EntryPoint\",\"urlTemplate\":\"https:\\\/\\\/plazatorosalicante.com\\\/fr\\\/?s={search_term_string}\"},\"query-input\":{\"@type\":\"PropertyValueSpecification\",\"valueRequired\":true,\"valueName\":\"search_term_string\"}}],\"inLanguage\":\"fr-FR\"},{\"@type\":\"Organization\",\"@id\":\"https:\\\/\\\/plazatorosalicante.com\\\/fr\\\/#organization\",\"name\":\"Plaza de toros Alicante\",\"alternateName\":\"La Plaza Alicante Tour\",\"url\":\"https:\\\/\\\/plazatorosalicante.com\\\/fr\\\/\",\"logo\":{\"@type\":\"ImageObject\",\"inLanguage\":\"fr-FR\",\"@id\":\"https:\\\/\\\/plazatorosalicante.com\\\/fr\\\/#\\\/schema\\\/logo\\\/image\\\/\",\"url\":\"https:\\\/\\\/plazatorosalicante.com\\\/wp-content\\\/uploads\\\/2023\\\/10\\\/Logo-plaza-toros-alicante.jpg\",\"contentUrl\":\"https:\\\/\\\/plazatorosalicante.com\\\/wp-content\\\/uploads\\\/2023\\\/10\\\/Logo-plaza-toros-alicante.jpg\",\"width\":100,\"height\":100,\"caption\":\"Plaza de toros Alicante\"},\"image\":{\"@id\":\"https:\\\/\\\/plazatorosalicante.com\\\/fr\\\/#\\\/schema\\\/logo\\\/image\\\/\"}}]}<\/script>\n<!-- \/ Yoast SEO plugin. -->","yoast_head_json":{"title":"Horaires de visite Ar\u00e8nes d'Alicante | Visitez la Plaza+Mus\u00e9e","description":"Horaires de visite des ar\u00e8nes d'Alicante. Achetez vos billets en ligne et visitez le monument taurin d'Alicante et le mus\u00e9e.","robots":{"index":"index","follow":"follow","max-snippet":"max-snippet:-1","max-image-preview":"max-image-preview:large","max-video-preview":"max-video-preview:-1"},"canonical":"https:\/\/plazatorosalicante.com\/fr\/horaires\/","og_locale":"fr_FR","og_type":"article","og_title":"Horaires de visite Ar\u00e8nes d'Alicante | Visitez la Plaza+Mus\u00e9e","og_description":"Horaires de visite des ar\u00e8nes d'Alicante. Achetez vos billets en ligne et visitez le monument taurin d'Alicante et le mus\u00e9e.","og_url":"https:\/\/plazatorosalicante.com\/fr\/horaires\/","og_site_name":"Plaza de Toros de Alicante","article_modified_time":"2026-03-23T12:16:17+00:00","og_image":[{"width":2560,"height":1696,"url":"https:\/\/plazatorosalicante.com\/wp-content\/uploads\/2025\/03\/VIT_7836-scaled-1.jpg","type":"image\/jpeg"}],"twitter_card":"summary_large_image","twitter_misc":{"Dur\u00e9e de lecture estim\u00e9e":"1 minute"},"schema":{"@context":"https:\/\/schema.org","@graph":[{"@type":"WebPage","@id":"https:\/\/plazatorosalicante.com\/fr\/horaires\/","url":"https:\/\/plazatorosalicante.com\/fr\/horaires\/","name":"Horaires de visite Ar\u00e8nes d'Alicante | Visitez la Plaza+Mus\u00e9e","isPartOf":{"@id":"https:\/\/plazatorosalicante.com\/fr\/#website"},"datePublished":"2023-10-31T11:17:38+00:00","dateModified":"2026-03-23T12:16:17+00:00","description":"Horaires de visite des ar\u00e8nes d'Alicante. Achetez vos billets en ligne et visitez le monument taurin d'Alicante et le mus\u00e9e.","breadcrumb":{"@id":"https:\/\/plazatorosalicante.com\/fr\/horaires\/#breadcrumb"},"inLanguage":"fr-FR","potentialAction":[{"@type":"ReadAction","target":["https:\/\/plazatorosalicante.com\/fr\/horaires\/"]}]},{"@type":"BreadcrumbList","@id":"https:\/\/plazatorosalicante.com\/fr\/horaires\/#breadcrumb","itemListElement":[{"@type":"ListItem","position":1,"name":"Portada","item":"https:\/\/plazatorosalicante.com\/fr\/page-daccueil\/"},{"@type":"ListItem","position":2,"name":"Horaires des tourn\u00e9es"}]},{"@type":"WebSite","@id":"https:\/\/plazatorosalicante.com\/fr\/#website","url":"https:\/\/plazatorosalicante.com\/fr\/","name":"Plaza de Toros de Alicante","description":"Plaza de toros Alicante - Visitas Tur\u00edsticas y Culturales en Vivo para Individuales y Grupos","publisher":{"@id":"https:\/\/plazatorosalicante.com\/fr\/#organization"},"alternateName":"La Plaza Alicante Tour","potentialAction":[{"@type":"SearchAction","target":{"@type":"EntryPoint","urlTemplate":"https:\/\/plazatorosalicante.com\/fr\/?s={search_term_string}"},"query-input":{"@type":"PropertyValueSpecification","valueRequired":true,"valueName":"search_term_string"}}],"inLanguage":"fr-FR"},{"@type":"Organization","@id":"https:\/\/plazatorosalicante.com\/fr\/#organization","name":"Plaza de toros Alicante","alternateName":"La Plaza Alicante Tour","url":"https:\/\/plazatorosalicante.com\/fr\/","logo":{"@type":"ImageObject","inLanguage":"fr-FR","@id":"https:\/\/plazatorosalicante.com\/fr\/#\/schema\/logo\/image\/","url":"https:\/\/plazatorosalicante.com\/wp-content\/uploads\/2023\/10\/Logo-plaza-toros-alicante.jpg","contentUrl":"https:\/\/plazatorosalicante.com\/wp-content\/uploads\/2023\/10\/Logo-plaza-toros-alicante.jpg","width":100,"height":100,"caption":"Plaza de toros Alicante"},"image":{"@id":"https:\/\/plazatorosalicante.com\/fr\/#\/schema\/logo\/image\/"}}]}},"_links":{"self":[{"href":"https:\/\/plazatorosalicante.com\/fr\/wp-json\/wp\/v2\/pages\/4099","targetHints":{"allow":["GET"]}}],"collection":[{"href":"https:\/\/plazatorosalicante.com\/fr\/wp-json\/wp\/v2\/pages"}],"about":[{"href":"https:\/\/plazatorosalicante.com\/fr\/wp-json\/wp\/v2\/types\/page"}],"author":[{"embeddable":true,"href":"https:\/\/plazatorosalicante.com\/fr\/wp-json\/wp\/v2\/users\/1"}],"replies":[{"embeddable":true,"href":"https:\/\/plazatorosalicante.com\/fr\/wp-json\/wp\/v2\/comments?post=4099"}],"version-history":[{"count":17,"href":"https:\/\/plazatorosalicante.com\/fr\/wp-json\/wp\/v2\/pages\/4099\/revisions"}],"predecessor-version":[{"id":25432,"href":"https:\/\/plazatorosalicante.com\/fr\/wp-json\/wp\/v2\/pages\/4099\/revisions\/25432"}],"wp:attachment":[{"href":"https:\/\/plazatorosalicante.com\/fr\/wp-json\/wp\/v2\/media?parent=4099"}],"curies":[{"name":"wp","href":"https:\/\/api.w.org\/{rel}","templated":true}]}}