{"id":22651,"date":"2023-10-20T12:02:19","date_gmt":"2023-10-20T12:02:19","guid":{"rendered":"https:\/\/plazatorosalicante.com\/bolt-2\/"},"modified":"2026-03-06T14:38:53","modified_gmt":"2026-03-06T14:38:53","slug":"bolt-2","status":"publish","type":"page","link":"https:\/\/plazatorosalicante.com\/hu\/bolt-2\/","title":{"rendered":"Bolt"},"content":{"rendered":"<section class=\"l-section wpb_row height_medium\"><div class=\"l-section-h i-cf\"><div class=\"g-cols vc_row via_grid cols_1 laptops-cols_inherit tablets-cols_inherit mobiles-cols_1 valign_top type_default stacking_default\"><div class=\"wpb_column vc_column_container\"><div class=\"vc_column-inner\"><div class=\"wpb_text_column\"><div class=\"wpb_wrapper\"><h1 style=\"text-align: center;\">Alicante bikaviadal bolt<\/h1>\n<\/div><\/div><div class=\"w-separator size_medium\"><\/div><div class=\"g-cols wpb_row via_grid cols_3 laptops-cols_inherit tablets-cols_inherit mobiles-cols_1 valign_top type_default stacking_default\" style=\"--columns-gap:3rem;\"><div class=\"wpb_column vc_column_container\"><div class=\"vc_column-inner\"><div class=\"w-image align_none\"><a target=\"_blank\" href=\"https:\/\/www.toroshopping.com\/categoria-producto\/juguetes-taurinos\/\" aria-label=\"j\u00e1t\u00e9kok-bikaviadalok\" class=\"w-image-h\"><img fetchpriority=\"high\" decoding=\"async\" width=\"680\" height=\"910\" src=\"https:\/\/plazatorosalicante.com\/wp-content\/uploads\/2023\/10\/juguetes-taurinos.jpg\" class=\"attachment-full size-full\" alt=\"\" loading=\"eager\" srcset=\"https:\/\/plazatorosalicante.com\/wp-content\/uploads\/2023\/10\/juguetes-taurinos.jpg 680w, https:\/\/plazatorosalicante.com\/wp-content\/uploads\/2023\/10\/juguetes-taurinos-600x803.jpg 600w, https:\/\/plazatorosalicante.com\/wp-content\/uploads\/2023\/10\/juguetes-taurinos-224x300.jpg 224w\" sizes=\"(max-width: 680px) 100vw, 680px\" \/><\/a><\/div><\/div><\/div><div class=\"wpb_column vc_column_container\"><div class=\"vc_column-inner\"><div class=\"w-image align_none\"><a target=\"_blank\" href=\"https:\/\/www.toroshopping.com\/categoria-producto\/accesorios-de-moda-taurina\/bisuteria-taurina\/\" aria-label=\"Koszt\u00fcm\u00f6s \u00e9kszerek-taurusz\" class=\"w-image-h\"><img decoding=\"async\" width=\"680\" height=\"910\" src=\"https:\/\/plazatorosalicante.com\/wp-content\/uploads\/2023\/10\/Bisuteria-taurina.jpg\" class=\"attachment-full size-full\" alt=\"\" loading=\"lazy\" srcset=\"https:\/\/plazatorosalicante.com\/wp-content\/uploads\/2023\/10\/Bisuteria-taurina.jpg 680w, https:\/\/plazatorosalicante.com\/wp-content\/uploads\/2023\/10\/Bisuteria-taurina-600x803.jpg 600w, https:\/\/plazatorosalicante.com\/wp-content\/uploads\/2023\/10\/Bisuteria-taurina-224x300.jpg 224w\" sizes=\"auto, (max-width: 680px) 100vw, 680px\" \/><\/a><\/div><\/div><\/div><div class=\"wpb_column vc_column_container\"><div class=\"vc_column-inner\"><div class=\"w-image align_none\"><a target=\"_blank\" href=\"https:\/\/www.toroshopping.com\/categoria-producto\/trajes-de-luces\/\" aria-label=\"f\u00e9nyjelmezek\" class=\"w-image-h\"><img decoding=\"async\" width=\"680\" height=\"910\" src=\"https:\/\/plazatorosalicante.com\/wp-content\/uploads\/2023\/10\/trajes-de-luces.jpg\" class=\"attachment-full size-full\" alt=\"\" loading=\"lazy\" srcset=\"https:\/\/plazatorosalicante.com\/wp-content\/uploads\/2023\/10\/trajes-de-luces.jpg 680w, https:\/\/plazatorosalicante.com\/wp-content\/uploads\/2023\/10\/trajes-de-luces-600x803.jpg 600w, https:\/\/plazatorosalicante.com\/wp-content\/uploads\/2023\/10\/trajes-de-luces-224x300.jpg 224w\" sizes=\"auto, (max-width: 680px) 100vw, 680px\" \/><\/a><\/div><\/div><\/div><\/div><div class=\"w-separator size_medium\"><\/div><div class=\"g-cols wpb_row via_grid cols_3 laptops-cols_inherit tablets-cols_inherit mobiles-cols_1 valign_top type_default stacking_default\" style=\"--columns-gap:3rem;\"><div class=\"wpb_column vc_column_container\"><div class=\"vc_column-inner\"><div class=\"w-image align_none\"><a target=\"_blank\" href=\"https:\/\/www.toroshopping.com\/categoria-producto\/arte-y-decoracion\/\" aria-label=\"dekor\u00e1ci\u00f3-taurine\" class=\"w-image-h\"><img decoding=\"async\" width=\"680\" height=\"910\" src=\"https:\/\/plazatorosalicante.com\/wp-content\/uploads\/2023\/10\/decoracion-taurina.jpg\" class=\"attachment-full size-full\" alt=\"\" loading=\"lazy\" srcset=\"https:\/\/plazatorosalicante.com\/wp-content\/uploads\/2023\/10\/decoracion-taurina.jpg 680w, https:\/\/plazatorosalicante.com\/wp-content\/uploads\/2023\/10\/decoracion-taurina-600x803.jpg 600w, https:\/\/plazatorosalicante.com\/wp-content\/uploads\/2023\/10\/decoracion-taurina-224x300.jpg 224w\" sizes=\"auto, (max-width: 680px) 100vw, 680px\" \/><\/a><\/div><\/div><\/div><div class=\"wpb_column vc_column_container\"><div class=\"vc_column-inner\"><div class=\"w-image align_none\"><a target=\"_blank\" href=\"https:\/\/www.toroshopping.com\/categoria-producto\/moda-taurina\/\" aria-label=\"Ropa-taurina\" class=\"w-image-h\"><img decoding=\"async\" width=\"680\" height=\"910\" src=\"https:\/\/plazatorosalicante.com\/wp-content\/uploads\/2023\/10\/Ropa-taurina.jpg\" class=\"attachment-full size-full\" alt=\"\" loading=\"lazy\" srcset=\"https:\/\/plazatorosalicante.com\/wp-content\/uploads\/2023\/10\/Ropa-taurina.jpg 680w, https:\/\/plazatorosalicante.com\/wp-content\/uploads\/2023\/10\/Ropa-taurina-600x803.jpg 600w, https:\/\/plazatorosalicante.com\/wp-content\/uploads\/2023\/10\/Ropa-taurina-224x300.jpg 224w\" sizes=\"auto, (max-width: 680px) 100vw, 680px\" \/><\/a><\/div><\/div><\/div><div class=\"wpb_column vc_column_container\"><div class=\"vc_column-inner\"><div class=\"w-image align_none\"><a target=\"_blank\" href=\"https:\/\/www.toroshopping.com\/actividades-taurinas\/\" aria-label=\"tev\u00e9kenys\u00e9gek-bikaviadalok\" class=\"w-image-h\"><img decoding=\"async\" width=\"680\" height=\"910\" src=\"https:\/\/plazatorosalicante.com\/wp-content\/uploads\/2023\/10\/actividades-taurinas.jpg\" class=\"attachment-full size-full\" alt=\"\" loading=\"lazy\" srcset=\"https:\/\/plazatorosalicante.com\/wp-content\/uploads\/2023\/10\/actividades-taurinas.jpg 680w, https:\/\/plazatorosalicante.com\/wp-content\/uploads\/2023\/10\/actividades-taurinas-600x803.jpg 600w, https:\/\/plazatorosalicante.com\/wp-content\/uploads\/2023\/10\/actividades-taurinas-224x300.jpg 224w\" sizes=\"auto, (max-width: 680px) 100vw, 680px\" \/><\/a><\/div><\/div><\/div><\/div><\/div><\/div><\/div><\/div><\/section>\n","protected":false},"excerpt":{"rendered":"Alicante bikaviadal bolt","protected":false},"author":1,"featured_media":0,"parent":0,"menu_order":0,"comment_status":"closed","ping_status":"closed","template":"","meta":{"_acf_changed":false,"footnotes":""},"class_list":["post-22651","page","type-page","status-publish","hentry"],"acf":[],"yoast_head":"<!-- This site is optimized with the Yoast SEO plugin v27.5 - https:\/\/yoast.com\/product\/yoast-seo-wordpress\/ -->\n<title>Bikaviadal bolt Alicante | Bikaviadal cikkek<\/title>\n<meta name=\"description\" content=\"Alicante bikaviadal bolt. Fedezze fel az \u00f6sszes bikaviadal cikk\u00fcnket, \u00e9s tudassa a vil\u00e1ggal a bikaviadalok ir\u00e1nti szenved\u00e9ly\u00e9t [Gyors sz\u00e1ll\u00edt\u00e1s].\" \/>\n<meta name=\"robots\" content=\"index, follow, max-snippet:-1, max-image-preview:large, max-video-preview:-1\" \/>\n<link rel=\"canonical\" href=\"https:\/\/plazatorosalicante.com\/hu\/bolt-2\/\" \/>\n<meta property=\"og:locale\" content=\"hu_HU\" \/>\n<meta property=\"og:type\" content=\"article\" \/>\n<meta property=\"og:title\" content=\"Bikaviadal bolt Alicante | Bikaviadal cikkek\" \/>\n<meta property=\"og:description\" content=\"Alicante bikaviadal bolt. Fedezze fel az \u00f6sszes bikaviadal cikk\u00fcnket, \u00e9s tudassa a vil\u00e1ggal a bikaviadalok ir\u00e1nti szenved\u00e9ly\u00e9t [Gyors sz\u00e1ll\u00edt\u00e1s].\" \/>\n<meta property=\"og:url\" content=\"https:\/\/plazatorosalicante.com\/hu\/bolt-2\/\" \/>\n<meta property=\"og:site_name\" content=\"Plaza de Toros de Alicante\" \/>\n<meta property=\"article:modified_time\" content=\"2026-03-06T14:38:53+00:00\" \/>\n<meta property=\"og:image\" content=\"https:\/\/plazatorosalicante.com\/wp-content\/uploads\/2025\/03\/VIT_7836-scaled-1.jpg\" \/>\n\t<meta property=\"og:image:width\" content=\"2560\" \/>\n\t<meta property=\"og:image:height\" content=\"1696\" \/>\n\t<meta property=\"og:image:type\" content=\"image\/jpeg\" \/>\n<meta name=\"twitter:card\" content=\"summary_large_image\" \/>\n<meta name=\"twitter:label1\" content=\"Becs\u00fclt olvas\u00e1si id\u0151\" \/>\n\t<meta name=\"twitter:data1\" content=\"1 perc\" \/>\n<script type=\"application\/ld+json\" class=\"yoast-schema-graph\">{\"@context\":\"https:\\\/\\\/schema.org\",\"@graph\":[{\"@type\":\"WebPage\",\"@id\":\"https:\\\/\\\/plazatorosalicante.com\\\/hu\\\/bolt-2\\\/\",\"url\":\"https:\\\/\\\/plazatorosalicante.com\\\/hu\\\/bolt-2\\\/\",\"name\":\"Bikaviadal bolt Alicante | Bikaviadal cikkek\",\"isPartOf\":{\"@id\":\"https:\\\/\\\/plazatorosalicante.com\\\/hu\\\/#website\"},\"datePublished\":\"2023-10-20T12:02:19+00:00\",\"dateModified\":\"2026-03-06T14:38:53+00:00\",\"description\":\"Alicante bikaviadal bolt. Fedezze fel az \u00f6sszes bikaviadal cikk\u00fcnket, \u00e9s tudassa a vil\u00e1ggal a bikaviadalok ir\u00e1nti szenved\u00e9ly\u00e9t [Gyors sz\u00e1ll\u00edt\u00e1s].\",\"breadcrumb\":{\"@id\":\"https:\\\/\\\/plazatorosalicante.com\\\/hu\\\/bolt-2\\\/#breadcrumb\"},\"inLanguage\":\"hu\",\"potentialAction\":[{\"@type\":\"ReadAction\",\"target\":[\"https:\\\/\\\/plazatorosalicante.com\\\/hu\\\/bolt-2\\\/\"]}]},{\"@type\":\"BreadcrumbList\",\"@id\":\"https:\\\/\\\/plazatorosalicante.com\\\/hu\\\/bolt-2\\\/#breadcrumb\",\"itemListElement\":[{\"@type\":\"ListItem\",\"position\":1,\"name\":\"Portada\",\"item\":\"https:\\\/\\\/plazatorosalicante.com\\\/hu\\\/kezdolap\\\/\"},{\"@type\":\"ListItem\",\"position\":2,\"name\":\"Bolt\"}]},{\"@type\":\"WebSite\",\"@id\":\"https:\\\/\\\/plazatorosalicante.com\\\/hu\\\/#website\",\"url\":\"https:\\\/\\\/plazatorosalicante.com\\\/hu\\\/\",\"name\":\"Plaza de Toros de Alicante\",\"description\":\"Plaza de toros Alicante - Visitas Tur\u00edsticas y Culturales en Vivo para Individuales y Grupos\",\"publisher\":{\"@id\":\"https:\\\/\\\/plazatorosalicante.com\\\/hu\\\/#organization\"},\"alternateName\":\"La Plaza Alicante Tour\",\"potentialAction\":[{\"@type\":\"SearchAction\",\"target\":{\"@type\":\"EntryPoint\",\"urlTemplate\":\"https:\\\/\\\/plazatorosalicante.com\\\/hu\\\/?s={search_term_string}\"},\"query-input\":{\"@type\":\"PropertyValueSpecification\",\"valueRequired\":true,\"valueName\":\"search_term_string\"}}],\"inLanguage\":\"hu\"},{\"@type\":\"Organization\",\"@id\":\"https:\\\/\\\/plazatorosalicante.com\\\/hu\\\/#organization\",\"name\":\"Plaza de toros Alicante\",\"alternateName\":\"La Plaza Alicante t\u00fara\",\"url\":\"https:\\\/\\\/plazatorosalicante.com\\\/hu\\\/\",\"logo\":{\"@type\":\"ImageObject\",\"inLanguage\":\"hu\",\"@id\":\"https:\\\/\\\/plazatorosalicante.com\\\/hu\\\/#\\\/schema\\\/logo\\\/image\\\/\",\"url\":\"https:\\\/\\\/plazatorosalicante.com\\\/wp-content\\\/uploads\\\/2023\\\/10\\\/Logo-plaza-toros-alicante.jpg\",\"contentUrl\":\"https:\\\/\\\/plazatorosalicante.com\\\/wp-content\\\/uploads\\\/2023\\\/10\\\/Logo-plaza-toros-alicante.jpg\",\"width\":100,\"height\":100,\"caption\":\"Plaza de toros Alicante\"},\"image\":{\"@id\":\"https:\\\/\\\/plazatorosalicante.com\\\/hu\\\/#\\\/schema\\\/logo\\\/image\\\/\"}}]}<\/script>\n<!-- \/ Yoast SEO plugin. -->","yoast_head_json":{"title":"Bikaviadal bolt Alicante | Bikaviadal cikkek","description":"Alicante bikaviadal bolt. Fedezze fel az \u00f6sszes bikaviadal cikk\u00fcnket, \u00e9s tudassa a vil\u00e1ggal a bikaviadalok ir\u00e1nti szenved\u00e9ly\u00e9t [Gyors sz\u00e1ll\u00edt\u00e1s].","robots":{"index":"index","follow":"follow","max-snippet":"max-snippet:-1","max-image-preview":"max-image-preview:large","max-video-preview":"max-video-preview:-1"},"canonical":"https:\/\/plazatorosalicante.com\/hu\/bolt-2\/","og_locale":"hu_HU","og_type":"article","og_title":"Bikaviadal bolt Alicante | Bikaviadal cikkek","og_description":"Alicante bikaviadal bolt. Fedezze fel az \u00f6sszes bikaviadal cikk\u00fcnket, \u00e9s tudassa a vil\u00e1ggal a bikaviadalok ir\u00e1nti szenved\u00e9ly\u00e9t [Gyors sz\u00e1ll\u00edt\u00e1s].","og_url":"https:\/\/plazatorosalicante.com\/hu\/bolt-2\/","og_site_name":"Plaza de Toros de Alicante","article_modified_time":"2026-03-06T14:38:53+00:00","og_image":[{"width":2560,"height":1696,"url":"https:\/\/plazatorosalicante.com\/wp-content\/uploads\/2025\/03\/VIT_7836-scaled-1.jpg","type":"image\/jpeg"}],"twitter_card":"summary_large_image","twitter_misc":{"Becs\u00fclt olvas\u00e1si id\u0151":"1 perc"},"schema":{"@context":"https:\/\/schema.org","@graph":[{"@type":"WebPage","@id":"https:\/\/plazatorosalicante.com\/hu\/bolt-2\/","url":"https:\/\/plazatorosalicante.com\/hu\/bolt-2\/","name":"Bikaviadal bolt Alicante | Bikaviadal cikkek","isPartOf":{"@id":"https:\/\/plazatorosalicante.com\/hu\/#website"},"datePublished":"2023-10-20T12:02:19+00:00","dateModified":"2026-03-06T14:38:53+00:00","description":"Alicante bikaviadal bolt. Fedezze fel az \u00f6sszes bikaviadal cikk\u00fcnket, \u00e9s tudassa a vil\u00e1ggal a bikaviadalok ir\u00e1nti szenved\u00e9ly\u00e9t [Gyors sz\u00e1ll\u00edt\u00e1s].","breadcrumb":{"@id":"https:\/\/plazatorosalicante.com\/hu\/bolt-2\/#breadcrumb"},"inLanguage":"hu","potentialAction":[{"@type":"ReadAction","target":["https:\/\/plazatorosalicante.com\/hu\/bolt-2\/"]}]},{"@type":"BreadcrumbList","@id":"https:\/\/plazatorosalicante.com\/hu\/bolt-2\/#breadcrumb","itemListElement":[{"@type":"ListItem","position":1,"name":"Portada","item":"https:\/\/plazatorosalicante.com\/hu\/kezdolap\/"},{"@type":"ListItem","position":2,"name":"Bolt"}]},{"@type":"WebSite","@id":"https:\/\/plazatorosalicante.com\/hu\/#website","url":"https:\/\/plazatorosalicante.com\/hu\/","name":"Plaza de Toros de Alicante","description":"Plaza de toros Alicante - Visitas Tur\u00edsticas y Culturales en Vivo para Individuales y Grupos","publisher":{"@id":"https:\/\/plazatorosalicante.com\/hu\/#organization"},"alternateName":"La Plaza Alicante Tour","potentialAction":[{"@type":"SearchAction","target":{"@type":"EntryPoint","urlTemplate":"https:\/\/plazatorosalicante.com\/hu\/?s={search_term_string}"},"query-input":{"@type":"PropertyValueSpecification","valueRequired":true,"valueName":"search_term_string"}}],"inLanguage":"hu"},{"@type":"Organization","@id":"https:\/\/plazatorosalicante.com\/hu\/#organization","name":"Plaza de toros Alicante","alternateName":"La Plaza Alicante t\u00fara","url":"https:\/\/plazatorosalicante.com\/hu\/","logo":{"@type":"ImageObject","inLanguage":"hu","@id":"https:\/\/plazatorosalicante.com\/hu\/#\/schema\/logo\/image\/","url":"https:\/\/plazatorosalicante.com\/wp-content\/uploads\/2023\/10\/Logo-plaza-toros-alicante.jpg","contentUrl":"https:\/\/plazatorosalicante.com\/wp-content\/uploads\/2023\/10\/Logo-plaza-toros-alicante.jpg","width":100,"height":100,"caption":"Plaza de toros Alicante"},"image":{"@id":"https:\/\/plazatorosalicante.com\/hu\/#\/schema\/logo\/image\/"}}]}},"_links":{"self":[{"href":"https:\/\/plazatorosalicante.com\/hu\/wp-json\/wp\/v2\/pages\/22651","targetHints":{"allow":["GET"]}}],"collection":[{"href":"https:\/\/plazatorosalicante.com\/hu\/wp-json\/wp\/v2\/pages"}],"about":[{"href":"https:\/\/plazatorosalicante.com\/hu\/wp-json\/wp\/v2\/types\/page"}],"author":[{"embeddable":true,"href":"https:\/\/plazatorosalicante.com\/hu\/wp-json\/wp\/v2\/users\/1"}],"replies":[{"embeddable":true,"href":"https:\/\/plazatorosalicante.com\/hu\/wp-json\/wp\/v2\/comments?post=22651"}],"version-history":[{"count":8,"href":"https:\/\/plazatorosalicante.com\/hu\/wp-json\/wp\/v2\/pages\/22651\/revisions"}],"predecessor-version":[{"id":25418,"href":"https:\/\/plazatorosalicante.com\/hu\/wp-json\/wp\/v2\/pages\/22651\/revisions\/25418"}],"wp:attachment":[{"href":"https:\/\/plazatorosalicante.com\/hu\/wp-json\/wp\/v2\/media?parent=22651"}],"curies":[{"name":"wp","href":"https:\/\/api.w.org\/{rel}","templated":true}]}}